{"id":26,"date":"2022-06-21T19:35:18","date_gmt":"2022-06-21T19:35:18","guid":{"rendered":"https:\/\/voixferrees.qc.ca\/dev_externe_2022_1\/?page_id=26"},"modified":"2026-02-02T18:01:24","modified_gmt":"2026-02-02T23:01:24","slug":"recrutement","status":"publish","type":"page","link":"https:\/\/voixferrees.qc.ca\/dev_externe_2022_1\/recrutement\/","title":{"rendered":"Chantez avec nous"},"content":{"rendered":"\n<p>L&rsquo;envie vous habite de prendre part \u00e0 la vie musicale et associative d&rsquo;un ch\u0153ur hors du commun? Vous \u00eates au bon endroit! Prenez le temps de bien lire ce qui suit afin de mieux conna\u00eetre notre mode de fonctionnement et nos activit\u00e9s. Si l&rsquo;aventure vous appelle, vous trouverez \u00e0 la fin de cette section un lien pour aller soumettre votre candidature en vue des prochaines auditions. &nbsp;<\/p>\n\n\n\n<p>Notez que le nombre de place \u00e0 combler est limit\u00e9 et variable d&rsquo;ann\u00e9e en ann\u00e9e.<\/p>\n\n\n\n<!--more-->\n\n\n\n<h2 class=\"wp-block-heading\"><strong>\u00caTRE MEMBRE DES VOIX FERR\u00c9ES, POUR LE PLAISIR ET LE D\u00c9FI!<\/strong><\/h2>\n\n\n\n<p>Une des principales missions de l&rsquo;ensemble vocal est d&rsquo;offrir \u00e0 ses membres un contexte unique pour partager le plaisir du chant choral dans toute sa richesse. Le plaisir de chanter en groupe, celui d\u2019aborder de multiples styles musicaux, de visiter toutes les \u00e9poques et de chanter dans plusieurs langues en y ajoutant des instruments ou des \u00e9l\u00e9ments de mise en sc\u00e8ne originaux selon les inspirations, sans l\u2019interm\u00e9diaire de partitions lors des concerts.<\/p>\n\n\n\n<p>Les Voix Ferr\u00e9es ont aussi \u00e0 c\u0153ur la d\u00e9mocratisation du chant et s&rsquo;appliquent \u00e0 rassembler des choristes d&rsquo;horizons vari\u00e9s n&rsquo;ayant pas forc\u00e9ment le m\u00eame niveau de connaissances musicales ou de techniques vocales. Perfectionner la formation musicale de ses membres, favoriser l\u2019esprit cr\u00e9atif, l\u2019originalit\u00e9, la diversit\u00e9 musicale sont n\u00e9anmoins au c\u0153ur de sa mission. Les diff\u00e9rentes activit\u00e9s propos\u00e9es tout au long de l&rsquo;ann\u00e9e visent ainsi l&rsquo;am\u00e9lioration continue de notre ma\u00eetrise tant d&rsquo;un r\u00e9pertoire sp\u00e9cifique que du chant de mani\u00e8re g\u00e9n\u00e9rale.<\/p>\n\n\n\n<p>En outre, la direction musicale s&rsquo;applique \u00e0 repousser toujours plus loin la qualit\u00e9 de notre expression musicale. \u00c0 la recherche d&rsquo;harmonie et d&rsquo;unit\u00e9 dans nos interpr\u00e9tations, nous nous appliquons \u00e0 apprendre nos pi\u00e8ces par c\u0153ur pour bien profiter du contact imm\u00e9diat avec la cheffe, qui peut alors nous diriger avec brio lors de nos prestations, au grand bonheur de notre public.<\/p>\n\n\n\n<p>En somme, faire partie des Voix Ferr\u00e9es, c&rsquo;est se donner l\u2019occasion de chanter et faire de la musique sur une base r\u00e9guli\u00e8re, dans des contextes vari\u00e9s et toujours joyeux !<\/p>\n\n\n<div class=\"wp-block-image\">\n<figure class=\"alignright size-large is-resized\"><img loading=\"lazy\" decoding=\"async\" width=\"1024\" height=\"683\" src=\"https:\/\/voixferrees.qc.ca\/dev_externe_2022_1\/wp-content\/uploads\/2022\/07\/plaisir-de-chanter-1024x683.jpg\" alt=\"\" class=\"wp-image-205\" style=\"width:400px\" srcset=\"https:\/\/voixferrees.qc.ca\/dev_externe_2022_1\/wp-content\/uploads\/2022\/07\/plaisir-de-chanter-1024x683.jpg 1024w, https:\/\/voixferrees.qc.ca\/dev_externe_2022_1\/wp-content\/uploads\/2022\/07\/plaisir-de-chanter-300x200.jpg 300w, https:\/\/voixferrees.qc.ca\/dev_externe_2022_1\/wp-content\/uploads\/2022\/07\/plaisir-de-chanter-768x512.jpg 768w, https:\/\/voixferrees.qc.ca\/dev_externe_2022_1\/wp-content\/uploads\/2022\/07\/plaisir-de-chanter-1536x1024.jpg 1536w, https:\/\/voixferrees.qc.ca\/dev_externe_2022_1\/wp-content\/uploads\/2022\/07\/plaisir-de-chanter.jpg 2048w\" sizes=\"auto, (max-width: 767px) 89vw, (max-width: 1000px) 54vw, (max-width: 1071px) 543px, 580px\" \/><figcaption class=\"wp-element-caption\"><mark>\u00a9 Alain Lapierre<\/mark><\/figcaption><\/figure>\n<\/div>\n\n\n<p><strong>UNE ORGANISATION AUTOG\u00c9R\u00c9E ET HAUTEMENT PARTICIPATIVE<\/strong><\/p>\n\n\n\n<p>Les Voix Ferr\u00e9es, c\u2019est aussi une corporation sans but lucratif, g\u00e9r\u00e9e par ses membres dont une portion est \u00e9lue \u00e0 chaque ann\u00e9e. Le fonctionnement des Voix Ferr\u00e9es est ainsi d\u00e9mocratique et autonome. Cela signifie une participation active des choristes aux d\u00e9cisions et aux t\u00e2ches collectives n\u00e9cessaires au bon fonctionnement des nombreuses activit\u00e9s du ch\u0153ur.<\/p>\n\n\n\n<p>\u00c0 la rentr\u00e9e, les membres doivent participer \u00e0 l\u2019assembl\u00e9e g\u00e9n\u00e9rale annuelle de la chorale. C&rsquo;est en cette occasion qu&rsquo;ils re\u00e7oivent les rapports et bilans des divers comit\u00e9s et du conseil d\u2019administration, et qu&rsquo;ils proc\u00e8dent \u00e0 l&rsquo;\u00e9lection d&rsquo;un nouveau C.A. pour l&rsquo;ann\u00e9e qui commence. Un peu plus tard en d\u00e9but d&rsquo;ann\u00e9e, il y a une pr\u00e9sentation de tous les comit\u00e9s actifs des Voix Ferr\u00e9es (communication, financement, r\u00e9pertoire, accueil, etc.) et c&rsquo;est \u00e0 ce moment que chacun.e peut signifier son int\u00e9r\u00eat \u00e0 participer \u00e0 l&rsquo;un ou l&rsquo;autre des comit\u00e9s pour l&rsquo;ann\u00e9e en cours.<\/p>\n\n\n\n<p>Au sein de ces comit\u00e9s il y a des t\u00e2ches pour tous les go\u00fbts : \u00e9laboration de spectacles, collaboration \u00e0 la mise en sc\u00e8ne, aux costumes, \u00e0 la technique, \u00e0 la r\u00e9gie, aux affiches, aux programmes, \u00e0 la vente de billets ; gestion des affaires internes, externes, communications, budget, recherche de financement ; organisation d&rsquo;activit\u00e9s \u00e0 caract\u00e8re associatif ; organisation des pratiques, des espaces, des intensives\u2026 bref, on a de quoi s\u2019amuser ! <\/p>\n\n\n<div class=\"wp-block-image\">\n<figure class=\"alignright size-large is-resized\"><a href=\"https:\/\/voixferrees.qc.ca\/dev_externe_2022_1\/wp-content\/uploads\/2022\/07\/audition-Keven-Bronsard.jpg\"><img loading=\"lazy\" decoding=\"async\" width=\"1024\" height=\"577\" src=\"https:\/\/voixferrees.qc.ca\/dev_externe_2022_1\/wp-content\/uploads\/2022\/07\/audition-Keven-Bronsard-1024x577.jpg\" alt=\"\" class=\"wp-image-222\" style=\"width:400px\" srcset=\"https:\/\/voixferrees.qc.ca\/dev_externe_2022_1\/wp-content\/uploads\/2022\/07\/audition-Keven-Bronsard-1024x577.jpg 1024w, https:\/\/voixferrees.qc.ca\/dev_externe_2022_1\/wp-content\/uploads\/2022\/07\/audition-Keven-Bronsard-300x169.jpg 300w, https:\/\/voixferrees.qc.ca\/dev_externe_2022_1\/wp-content\/uploads\/2022\/07\/audition-Keven-Bronsard-768x432.jpg 768w, https:\/\/voixferrees.qc.ca\/dev_externe_2022_1\/wp-content\/uploads\/2022\/07\/audition-Keven-Bronsard-1536x865.jpg 1536w, https:\/\/voixferrees.qc.ca\/dev_externe_2022_1\/wp-content\/uploads\/2022\/07\/audition-Keven-Bronsard.jpg 1762w\" sizes=\"auto, (max-width: 767px) 89vw, (max-width: 1000px) 54vw, (max-width: 1071px) 543px, 580px\" \/><\/a><\/figure>\n<\/div>\n\n\n<p>Chez Les Voix Ferr\u00e9es, les membres s\u2019impliquent. Les comit\u00e9s collaborent entre eux, avec le CA, et avec la direction musicale. Il peut y avoir des ponts partout ! Cela signifie que les membres participent activement aux d\u00e9cisions et aux t\u00e2ches collectives n\u00e9cessaires au bon fonctionnement des activit\u00e9s de l&rsquo;Ensemble. <\/p>\n\n\n\n<p><strong>LE FINANCEMENT<\/strong><\/p>\n\n\n\n<p>L\u2019ensemble vocal Les Voix Ferr\u00e9es se g\u00e8re lui-m\u00eame. La cotisation est de 490 $ (taxes incluses) pour l\u2019ann\u00e9e en cours, incluant une fin de semaine intensive \u00e0 l&rsquo;ext\u00e9rieur de Montr\u00e9al, et augmente l\u00e9g\u00e8rement d\u2019ann\u00e9e en ann\u00e9es. Elle peut \u00eatre pay\u00e9e d&rsquo;un coup ou en quelques versements au cours de l\u2019ann\u00e9e, et des arrangements peuvent \u00eatre pris si un choriste rencontre des difficult\u00e9s financi\u00e8res. Dans un souci de maintenir la cotisation des membres \u00e0 un niveau raisonnable et afin que la participation \u00e0 la chorale puisse demeurer un loisir accessible, Les Voix Ferr\u00e9es privil\u00e9gient la diversification des sources de financement. Nous obtenons entre autres des contrats pour chanter lors d\u2019\u00e9v\u00e9nements ponctuels. Les choristes sont alors sollicit\u00e9s en dehors de l\u2019horaire habituel des r\u00e9p\u00e9titions et des concerts r\u00e9guliers. Il n\u2019y a pas d\u2019obligation \u00e0 participer \u00e0 ces performances. Avant de prendre de tels engagements, nous v\u00e9rifions l\u2019int\u00e9r\u00eat et la disponibilit\u00e9 des choristes. R\u00e8gle g\u00e9n\u00e9rale, le niveau de participation est bon et ce type d\u2019activit\u00e9 est appr\u00e9ci\u00e9 de la majorit\u00e9. On aime chanter!<\/p>\n\n\n<div class=\"wp-block-image\">\n<figure class=\"alignright size-large is-resized\"><img loading=\"lazy\" decoding=\"async\" width=\"1024\" height=\"683\" src=\"https:\/\/voixferrees.qc.ca\/dev_externe_2022_1\/wp-content\/uploads\/2022\/07\/chantez-avec-nous-1024x683.jpg\" alt=\"\" class=\"wp-image-200\" style=\"width:350px;height:232px\" srcset=\"https:\/\/voixferrees.qc.ca\/dev_externe_2022_1\/wp-content\/uploads\/2022\/07\/chantez-avec-nous-1024x683.jpg 1024w, https:\/\/voixferrees.qc.ca\/dev_externe_2022_1\/wp-content\/uploads\/2022\/07\/chantez-avec-nous-300x200.jpg 300w, https:\/\/voixferrees.qc.ca\/dev_externe_2022_1\/wp-content\/uploads\/2022\/07\/chantez-avec-nous-768x512.jpg 768w, https:\/\/voixferrees.qc.ca\/dev_externe_2022_1\/wp-content\/uploads\/2022\/07\/chantez-avec-nous.jpg 1404w\" sizes=\"auto, (max-width: 767px) 89vw, (max-width: 1000px) 54vw, (max-width: 1071px) 543px, 580px\" \/><\/figure>\n<\/div>\n\n\n<p><strong>LES R\u00c9P\u00c9TITIONS HEBDOMADAIRES<\/strong><\/p>\n\n\n\n<p>Les r\u00e9p\u00e9titions ont lieu les mardi soir de 19h30 \u00e0 22h et ce \u00e0 compter du d\u00e9but septembre.&nbsp; Elles se feront principalement dans l&rsquo;\u00e9difice du Parc Lafontaine situ\u00e9 au 3819 Av. Calixa-Lavall\u00e9e, H2L 3A7 (m\u00e9tro Sherbrooke ou Papineau). <\/p>\n\n\n\n<p>Pr\u00e9voyez en plus un minimum de deux heures de pr\u00e9paration individuelle par semaine, et probablement plus quand vous \u00eates un nouveau-nouvelle choriste, afin de vous mettre \u00e0 niveau et d&rsquo;apprendre un peu de r\u00e9pertoire suppl\u00e9mentaire (le r\u00e9pertoire dit \u00ab\u00a0permanent\u00a0\u00bb, qui s&rsquo;ajoute au r\u00e9pertoire officiel de l&rsquo;ann\u00e9e). Pour pratiquer vos pi\u00e8ces, vous aurez acc\u00e8s en ligne \u00e0 des partitions que vous pourrez imprimer \u00e0 votre guise, ainsi que des fichiers audio permettant d&rsquo;apprendre \u00e0 l&rsquo;oreille.<\/p>\n\n\n\n<p>Quelques r\u00e9p\u00e9titions additionnelles s\u2019ajouteront en cours d\u2019ann\u00e9e, notamment \u00e0 l\u2019approche des spectacles. Afin de tirer le meilleur parti du temps de r\u00e9p\u00e9tition allou\u00e9, la pr\u00e9paration individuelle, l&rsquo;assiduit\u00e9 et la ponctualit\u00e9 sont essentielles. Comme beaucoup de travail est investi \u00e0 chaque pratique sur le son d\u2019ensemble et l\u2019harmonie, la pr\u00e9sence de TOUS\/TES les membres est requise \u00e0 chaque r\u00e9p\u00e9tition.<\/p>\n\n\n\n<p><strong>LES PRINCIPAUX \u00c9V\u00c8NEMENTS DURANT L\u2019ANN\u00c9E<\/strong><\/p>\n\n\n\n<p>En plus des r\u00e9p\u00e9titions hebdomadaires, deux journ\u00e9es de pratique dites \u00ab\u00a0intensives\u00a0\u00bb auront lieu en automne et en hiver, ainsi qu&rsquo;une fin de semaine compl\u00e8te au printemps (les frais d&rsquo;h\u00e9bergement et les repas de cette derni\u00e8re son inclus dans la cotisation).<\/p>\n\n\n\n<p>Lors d\u2019une saison habituelle, Les Voix Ferr\u00e9es offrent un spectacle de type Cabaret \u00e0 l&rsquo;hiver, dans lequel les choristes peuvent nous faire d\u00e9couvrir leurs talents cach\u00e9s. \u00c0 cela s\u2019ajoute bien s\u00fbr nos concerts annuels de fin de saison, g\u00e9n\u00e9ralement pr\u00e9sent\u00e9s quelque part entre la fin mai et la mi-juin.<\/p>\n\n\n\n<p>Voil\u00e0 pour le calendrier de base. \u00c0 cela s&rsquo;ajoute les engagements payants, les productions philantropiques, les c\u00e9l\u00e9brations et autres activit\u00e9s o\u00f9 vous serez invit\u00e9s \u00e0 participer et \u00e0 chanter sur une base volontaire.<\/p>\n\n\n<div class=\"wp-block-image\">\n<figure class=\"alignright size-large is-resized\"><img loading=\"lazy\" decoding=\"async\" width=\"1024\" height=\"687\" src=\"https:\/\/voixferrees.qc.ca\/dev_externe_2022_1\/wp-content\/uploads\/2022\/07\/PA-4-1024x687.jpg\" alt=\"\" class=\"wp-image-203\" style=\"width:400px\" srcset=\"https:\/\/voixferrees.qc.ca\/dev_externe_2022_1\/wp-content\/uploads\/2022\/07\/PA-4-1024x687.jpg 1024w, https:\/\/voixferrees.qc.ca\/dev_externe_2022_1\/wp-content\/uploads\/2022\/07\/PA-4-300x201.jpg 300w, https:\/\/voixferrees.qc.ca\/dev_externe_2022_1\/wp-content\/uploads\/2022\/07\/PA-4-768x516.jpg 768w, https:\/\/voixferrees.qc.ca\/dev_externe_2022_1\/wp-content\/uploads\/2022\/07\/PA-4-1536x1031.jpg 1536w, https:\/\/voixferrees.qc.ca\/dev_externe_2022_1\/wp-content\/uploads\/2022\/07\/PA-4-2048x1375.jpg 2048w\" sizes=\"auto, (max-width: 767px) 89vw, (max-width: 1000px) 54vw, (max-width: 1071px) 543px, 580px\" \/><\/figure>\n<\/div>\n\n\n<p><strong>LE PROCESSUS D&rsquo;AUDITION<\/strong><\/p>\n\n\n\n<p>Vous trouverez ci-bas un lien pour remplir le formulaire de candidature. Notez qu\u2019il faut \u00eatre \u00e2g\u00e9 de 18 ans ou plus pour faire partie des Voix Ferr\u00e9es.<\/p>\n\n\n\n<p>Le questionnaire constitue la premi\u00e8re tribune pour faire valoir votre int\u00e9r\u00eat pour l&rsquo;Ensemble et pour nous aider \u00e0 conna\u00eetre vos atouts. Notez qu&rsquo;une bonne oreille, une voix juste, une m\u00e9moire musicale et le sens du rythme sont essentiels. Il est \u00e9galement important de se sentir \u00e0 l\u2019aise avec le fait d\u2019avoir \u00e0 chanter par c\u0153ur lors des concerts. Puis, la motivation et le d\u00e9sir de s\u2019impliquer dans la vie associative de la chorale sont des atouts importants.<\/p>\n\n\n\n<p>Puisque le nombre de place \u00e0 combler est souvent restreint, il est important que vous en disiez le plus possible \u00e0 votre sujet sur le formulaire. Ne vous contentez pas de r\u00e9pondre oui ou non aux questions, vous risqueriez de ne pas avoir capt\u00e9 notre attention. <\/p>\n\n\n\n<p>Les auditions se d\u00e9roulent devant la directrice musicale qui est accompagn\u00e9e de deux choristes. Nous sommes conscients que pour les aspirants-choristes, la nervosit\u00e9 peut parfois \u00eatre au rendez-vous. Nous en tenons compte et faisons tout pour cr\u00e9er une ambiance o\u00f9 vous pourrez vous sentir \u00e0 l\u2019aise et en confiance. Une audition dure une quinzaine de minutes et se d\u00e9roule comme suit :<\/p>\n\n\n\n<ul class=\"wp-block-list\">\n<li>Vocalises afin de d\u00e9terminer le registre;<\/li>\n\n\n\n<li>Exercices afin de juger de l\u2019oreille et de la m\u00e9moire musicale, de la justesse de la voix et du sens du rythme;<\/li>\n\n\n\n<li>Une pi\u00e8ce ou certaines mesures d\u2019une pi\u00e8ce \u00e0 chanter. Cette pi\u00e8ce sera choisie par le comit\u00e9 d\u2019auditions et vous sera communiqu\u00e9e au moment de la confirmation de votre audition. On vous fournira une partition et des fichiers audios selon votre pupitre pour vous aider \u00e0 l\u2019apprendre et aurez droit \u00e0 la partition lors de l\u2019audition. Il faut noter que certaines ann\u00e9es, on demande aux aspirants choristes de chanter une pi\u00e8ce de leur choix, et qu\u2019ils peuvent chanter a capella ou avec leur propre accompagnement.  <\/li>\n<\/ul>\n\n\n\n<p>Vous serez contact\u00e9.e.s dans les jours qui suivent l&rsquo;audition pour \u00eatre inform\u00e9.e.s si vous \u00eates retenu.e.s ou pas. Sachez que les candidatures peuvent \u00eatre nombreuses et les places assez limit\u00e9es selon les ann\u00e9es, alors \u00e7a vaudra toujours le coup de tenter votre chance l&rsquo;ann\u00e9e prochaine si le c\u0153ur vous en dit toujours. <\/p>\n\n\n\n<p>Toujours d\u00e9sireux d\u2019int\u00e9grer la chorale apr\u00e8s la lecture de ce texte de pr\u00e9sentation?<\/p>\n\n\n\n<p>La p\u00e9riode de recrutement pour la saison 2026-2027 sera annonc\u00e9e d&rsquo;ici l&rsquo;\u00e9t\u00e9!<\/p>\n\n\n\n<div class=\"wp-block-buttons is-content-justification-center is-layout-flex wp-container-core-buttons-is-layout-16018d1d wp-block-buttons-is-layout-flex\"><\/div>\n\n\n\n<div style=\"height:46px\" aria-hidden=\"true\" class=\"wp-block-spacer\"><\/div>\n\n\n\n<p>Le comit\u00e9 Accueil<\/p>\n\n\n\n<p><\/p>\n","protected":false},"excerpt":{"rendered":"<p>L&rsquo;envie vous habite de prendre part \u00e0 la vie musicale et associative d&rsquo;un ch\u0153ur hors du commun? Vous \u00eates au bon endroit! Prenez le temps de bien lire ce qui suit afin de mieux conna\u00eetre notre mode de fonctionnement et nos activit\u00e9s. Si l&rsquo;aventure vous appelle, vous trouverez \u00e0 la fin de cette section un &hellip; <\/p>\n<p class=\"link-more\"><a href=\"https:\/\/voixferrees.qc.ca\/dev_externe_2022_1\/recrutement\/\" class=\"more-link\">Continuer la lecture<span class=\"screen-reader-text\"> de &laquo; Chantez avec nous &raquo;<\/span><\/a><\/p>\n","protected":false},"author":1,"featured_media":201,"parent":0,"menu_order":0,"comment_status":"closed","ping_status":"closed","template":"","meta":{"footnotes":""},"class_list":["post-26","page","type-page","status-publish","has-post-thumbnail","hentry"],"jetpack_sharing_enabled":true,"_links":{"self":[{"href":"https:\/\/voixferrees.qc.ca\/dev_externe_2022_1\/wp-json\/wp\/v2\/pages\/26","targetHints":{"allow":["GET"]}}],"collection":[{"href":"https:\/\/voixferrees.qc.ca\/dev_externe_2022_1\/wp-json\/wp\/v2\/pages"}],"about":[{"href":"https:\/\/voixferrees.qc.ca\/dev_externe_2022_1\/wp-json\/wp\/v2\/types\/page"}],"author":[{"embeddable":true,"href":"https:\/\/voixferrees.qc.ca\/dev_externe_2022_1\/wp-json\/wp\/v2\/users\/1"}],"replies":[{"embeddable":true,"href":"https:\/\/voixferrees.qc.ca\/dev_externe_2022_1\/wp-json\/wp\/v2\/comments?post=26"}],"version-history":[{"count":48,"href":"https:\/\/voixferrees.qc.ca\/dev_externe_2022_1\/wp-json\/wp\/v2\/pages\/26\/revisions"}],"predecessor-version":[{"id":799,"href":"https:\/\/voixferrees.qc.ca\/dev_externe_2022_1\/wp-json\/wp\/v2\/pages\/26\/revisions\/799"}],"wp:featuredmedia":[{"embeddable":true,"href":"https:\/\/voixferrees.qc.ca\/dev_externe_2022_1\/wp-json\/wp\/v2\/media\/201"}],"wp:attachment":[{"href":"https:\/\/voixferrees.qc.ca\/dev_externe_2022_1\/wp-json\/wp\/v2\/media?parent=26"}],"curies":[{"name":"wp","href":"https:\/\/api.w.org\/{rel}","templated":true}]}}