{"id":612,"date":"2024-07-01T14:37:42","date_gmt":"2024-07-01T18:37:42","guid":{"rendered":"https:\/\/voixferrees.qc.ca\/dev_externe_2022_1\/?page_id=612"},"modified":"2026-01-30T14:44:37","modified_gmt":"2026-01-30T19:44:37","slug":"donateurs","status":"publish","type":"page","link":"https:\/\/voixferrees.qc.ca\/dev_externe_2022_1\/donateurs\/","title":{"rendered":"Faire un don"},"content":{"rendered":"<div class=\"wp-block-image\">\n<figure class=\"alignright size-medium\"><img loading=\"lazy\" decoding=\"async\" width=\"300\" height=\"200\" src=\"https:\/\/voixferrees.qc.ca\/dev_externe_2022_1\/wp-content\/uploads\/2024\/07\/0016b-c-Alain-Lapierre-300x200.jpg\" alt=\"\" class=\"wp-image-630\" srcset=\"https:\/\/voixferrees.qc.ca\/dev_externe_2022_1\/wp-content\/uploads\/2024\/07\/0016b-c-Alain-Lapierre-300x200.jpg 300w, https:\/\/voixferrees.qc.ca\/dev_externe_2022_1\/wp-content\/uploads\/2024\/07\/0016b-c-Alain-Lapierre-1024x683.jpg 1024w, https:\/\/voixferrees.qc.ca\/dev_externe_2022_1\/wp-content\/uploads\/2024\/07\/0016b-c-Alain-Lapierre-768x512.jpg 768w, https:\/\/voixferrees.qc.ca\/dev_externe_2022_1\/wp-content\/uploads\/2024\/07\/0016b-c-Alain-Lapierre-1536x1024.jpg 1536w, https:\/\/voixferrees.qc.ca\/dev_externe_2022_1\/wp-content\/uploads\/2024\/07\/0016b-c-Alain-Lapierre.jpg 1620w\" sizes=\"auto, (max-width: 300px) 100vw, 300px\" \/><figcaption class=\"wp-element-caption\">(c) Laurent Chauvin<\/figcaption><\/figure>\n<\/div>\n\n\n<p><strong>Merci de soutenir Les Voix Ferr\u00e9es!<\/strong> Par votre don, vous nous aidez \u00e0 atteindre notre objectif qui consiste \u00e0 d\u00e9mocratiser l\u2019acc\u00e8s \u00e0 la culture et tout particuli\u00e8rement au chant choral. Votre don est d\u00e9ductible d&rsquo;imp\u00f4t et un re\u00e7u fiscal vous sera envoy\u00e9 automatiquement par la plateforme Zeffy.<\/p>\n\n\n\n<div style=\"height:44px\" aria-hidden=\"true\" class=\"wp-block-spacer\"><\/div>\n\n\n\n<div style=\"position:relative;overflow:hidden;height:1200px;width:100%;\"><iframe title='Donation form powered by Zeffy' style='position: absolute; border: 0; top:0;left:0;bottom:0;right:0;width:100%;height:100%' src='https:\/\/www.zeffy.com\/embed\/donation-form\/923cbcd1-ee68-464b-9c51-3a9d57796448' allowpaymentrequest allowTransparency=\"true\"><\/iframe><\/div>\n\n\n\n<div style=\"height:44px\" aria-hidden=\"true\" class=\"wp-block-spacer\"><\/div>\n\n\n\n<p>Du fond du c\u0153ur et du ch\u0153ur, nous vous remercions pour votre contribution!<\/p>\n","protected":false},"excerpt":{"rendered":"<p>Merci de soutenir Les Voix Ferr\u00e9es! Par votre don, vous nous aidez \u00e0 atteindre notre objectif qui consiste \u00e0 d\u00e9mocratiser l\u2019acc\u00e8s \u00e0 la culture et tout particuli\u00e8rement au chant choral. Votre don est d\u00e9ductible d&rsquo;imp\u00f4t et un re\u00e7u fiscal vous sera envoy\u00e9 automatiquement par la plateforme Zeffy. Du fond du c\u0153ur et du ch\u0153ur, nous &hellip; <\/p>\n<p class=\"link-more\"><a href=\"https:\/\/voixferrees.qc.ca\/dev_externe_2022_1\/donateurs\/\" class=\"more-link\">Continuer la lecture<span class=\"screen-reader-text\"> de &laquo; Faire un don &raquo;<\/span><\/a><\/p>\n","protected":false},"author":3,"featured_media":0,"parent":0,"menu_order":0,"comment_status":"closed","ping_status":"closed","template":"","meta":{"footnotes":""},"class_list":["post-612","page","type-page","status-publish","hentry"],"jetpack_sharing_enabled":true,"_links":{"self":[{"href":"https:\/\/voixferrees.qc.ca\/dev_externe_2022_1\/wp-json\/wp\/v2\/pages\/612","targetHints":{"allow":["GET"]}}],"collection":[{"href":"https:\/\/voixferrees.qc.ca\/dev_externe_2022_1\/wp-json\/wp\/v2\/pages"}],"about":[{"href":"https:\/\/voixferrees.qc.ca\/dev_externe_2022_1\/wp-json\/wp\/v2\/types\/page"}],"author":[{"embeddable":true,"href":"https:\/\/voixferrees.qc.ca\/dev_externe_2022_1\/wp-json\/wp\/v2\/users\/3"}],"replies":[{"embeddable":true,"href":"https:\/\/voixferrees.qc.ca\/dev_externe_2022_1\/wp-json\/wp\/v2\/comments?post=612"}],"version-history":[{"count":17,"href":"https:\/\/voixferrees.qc.ca\/dev_externe_2022_1\/wp-json\/wp\/v2\/pages\/612\/revisions"}],"predecessor-version":[{"id":796,"href":"https:\/\/voixferrees.qc.ca\/dev_externe_2022_1\/wp-json\/wp\/v2\/pages\/612\/revisions\/796"}],"wp:attachment":[{"href":"https:\/\/voixferrees.qc.ca\/dev_externe_2022_1\/wp-json\/wp\/v2\/media?parent=612"}],"curies":[{"name":"wp","href":"https:\/\/api.w.org\/{rel}","templated":true}]}}