{"id":637,"date":"2024-07-18T17:45:34","date_gmt":"2024-07-18T21:45:34","guid":{"rendered":"https:\/\/voixferrees.qc.ca\/dev_externe_2022_1\/?page_id=637"},"modified":"2026-04-16T17:28:15","modified_gmt":"2026-04-16T21:28:15","slug":"commanditaires","status":"publish","type":"page","link":"https:\/\/voixferrees.qc.ca\/dev_externe_2022_1\/commanditaires\/","title":{"rendered":"Commanditaires"},"content":{"rendered":"\n<h1 class=\"wp-block-heading\">Merci \u00e0 nos commanditaires de la saison 2025-2026 !<\/h1>\n\n\n\n<div class=\"wp-block-columns is-layout-flex wp-container-core-columns-is-layout-9d6595d7 wp-block-columns-is-layout-flex\">\n<div class=\"wp-block-column is-layout-flow wp-block-column-is-layout-flow\">\n<h3 class=\"wp-block-heading\">Commanditaires annuels<\/h3>\n\n\n\n<figure class=\"wp-block-image size-large is-resized\"><a href=\"https:\/\/forandevenements.com\/\" target=\"_blank\" rel=\" noreferrer noopener\"><img loading=\"lazy\" decoding=\"async\" width=\"1024\" height=\"371\" src=\"https:\/\/voixferrees.qc.ca\/dev_externe_2022_1\/wp-content\/uploads\/2026\/04\/Logo_ForandEvenements_blanc-trans-1280-1024x371.png\" alt=\"\" class=\"wp-image-863\" style=\"width:300px\" srcset=\"https:\/\/voixferrees.qc.ca\/dev_externe_2022_1\/wp-content\/uploads\/2026\/04\/Logo_ForandEvenements_blanc-trans-1280-1024x371.png 1024w, https:\/\/voixferrees.qc.ca\/dev_externe_2022_1\/wp-content\/uploads\/2026\/04\/Logo_ForandEvenements_blanc-trans-1280-300x109.png 300w, https:\/\/voixferrees.qc.ca\/dev_externe_2022_1\/wp-content\/uploads\/2026\/04\/Logo_ForandEvenements_blanc-trans-1280-768x278.png 768w, https:\/\/voixferrees.qc.ca\/dev_externe_2022_1\/wp-content\/uploads\/2026\/04\/Logo_ForandEvenements_blanc-trans-1280.png 1280w\" sizes=\"auto, (max-width: 767px) 89vw, (max-width: 1000px) 54vw, (max-width: 1071px) 543px, 580px\" \/><\/a><\/figure>\n\n\n\n<figure class=\"wp-block-image size-large is-resized\"><a href=\"https:\/\/dianeetregis.ca\/\" target=\"_blank\" rel=\" noreferrer noopener\"><img loading=\"lazy\" decoding=\"async\" width=\"1024\" height=\"202\" src=\"https:\/\/voixferrees.qc.ca\/dev_externe_2022_1\/wp-content\/uploads\/2026\/04\/Diane-Regis-Logo-Horizontal-Blanc-1280-1024x202.png\" alt=\"\" class=\"wp-image-859\" style=\"width:300px\" srcset=\"https:\/\/voixferrees.qc.ca\/dev_externe_2022_1\/wp-content\/uploads\/2026\/04\/Diane-Regis-Logo-Horizontal-Blanc-1280-1024x202.png 1024w, https:\/\/voixferrees.qc.ca\/dev_externe_2022_1\/wp-content\/uploads\/2026\/04\/Diane-Regis-Logo-Horizontal-Blanc-1280-300x59.png 300w, https:\/\/voixferrees.qc.ca\/dev_externe_2022_1\/wp-content\/uploads\/2026\/04\/Diane-Regis-Logo-Horizontal-Blanc-1280-768x151.png 768w, https:\/\/voixferrees.qc.ca\/dev_externe_2022_1\/wp-content\/uploads\/2026\/04\/Diane-Regis-Logo-Horizontal-Blanc-1280.png 1280w\" sizes=\"auto, (max-width: 767px) 89vw, (max-width: 1000px) 54vw, (max-width: 1071px) 543px, 580px\" \/><\/a><\/figure>\n\n\n\n<figure class=\"wp-block-image size-large is-resized\"><a href=\"https:\/\/nukleo.com\/fr\" target=\"_blank\" rel=\" noreferrer noopener\"><img loading=\"lazy\" decoding=\"async\" width=\"1024\" height=\"310\" src=\"https:\/\/voixferrees.qc.ca\/dev_externe_2022_1\/wp-content\/uploads\/2026\/04\/Nukleo_blanc_RVB-1280-1024x310.png\" alt=\"\" class=\"wp-image-861\" style=\"width:300px\" srcset=\"https:\/\/voixferrees.qc.ca\/dev_externe_2022_1\/wp-content\/uploads\/2026\/04\/Nukleo_blanc_RVB-1280-1024x310.png 1024w, https:\/\/voixferrees.qc.ca\/dev_externe_2022_1\/wp-content\/uploads\/2026\/04\/Nukleo_blanc_RVB-1280-300x91.png 300w, https:\/\/voixferrees.qc.ca\/dev_externe_2022_1\/wp-content\/uploads\/2026\/04\/Nukleo_blanc_RVB-1280-768x232.png 768w, https:\/\/voixferrees.qc.ca\/dev_externe_2022_1\/wp-content\/uploads\/2026\/04\/Nukleo_blanc_RVB-1280.png 1280w\" sizes=\"auto, (max-width: 767px) 89vw, (max-width: 1000px) 54vw, (max-width: 1071px) 543px, 580px\" \/><\/a><\/figure>\n\n\n\n<h3 class=\"wp-block-heading\"> <\/h3>\n\n\n\n<p>Commanditaires d&rsquo;\u00e9v\u00e9nements<\/p>\n\n\n\n<ul class=\"wp-block-list\">\n<li><a href=\"https:\/\/atlaspizza.ca\/\">Atlas Pizza<\/a><\/li>\n\n\n\n<li><a href=\"https:\/\/candlelightexperience.com\/fr\/\" target=\"_blank\" rel=\"noreferrer noopener\">Candlelight<\/a><\/li>\n\n\n\n<li><a href=\"https:\/\/www.jouvence.com\/\" target=\"_blank\" rel=\"noreferrer noopener\">Centre de Vill\u00e9giature Jouvence<\/a><\/li>\n\n\n\n<li><a href=\"https:\/\/cidreduquebec.com\/cidreries\/la-cidrerie-dun-hectare\/\" target=\"_blank\" rel=\"noreferrer noopener\">Cidrerie d&rsquo;un hectare<\/a><\/li>\n\n\n\n<li><a href=\"https:\/\/www.cinemabeaubien.com\/\" target=\"_blank\" rel=\"noreferrer noopener\">Cin\u00e9ma Beaubien\/du Parc\/du Mus\u00e9e<\/a><\/li>\n\n\n\n<li><a href=\"https:\/\/fougin.ca\/\" target=\"_blank\" rel=\"noreferrer noopener\">Fou Gin<\/a><\/li>\n\n\n\n<li><a href=\"https:\/\/www.facebook.com\/fromagerieatwcentresud\/\" target=\"_blank\" rel=\"noreferrer noopener\">Fromagerie Atwater Centre-Sud<\/a><\/li>\n\n\n\n<li><a href=\"https:\/\/hotelquebec.com\/\" target=\"_blank\" rel=\"noreferrer noopener\">H\u00f4tel Best Western Centre-Ville de Qu\u00e9bec<\/a><\/li>\n\n\n\n<li><a href=\"https:\/\/jennifermaccarone.ca\/\" target=\"_blank\" rel=\"noreferrer noopener\">Jennifer Maccarone,&nbsp;d\u00e9put\u00e9e de Westmount\u2013Saint-Louis<\/a><\/li>\n\n\n\n<li><a href=\"https:\/\/labeignerie.com\/\" target=\"_blank\" rel=\"noreferrer noopener\">La Beignerie<\/a><\/li>\n\n\n\n<li><a href=\"https:\/\/legesu.com\/\" target=\"_blank\" rel=\"noreferrer noopener\">Le Ges\u00f9<\/a><\/li>\n\n\n\n<li><a href=\"https:\/\/projetmontreal.org\/arrondissements\/le-plateau-mont-royal\" target=\"_blank\" rel=\"noreferrer noopener\">Les \u00e9lu.es de&nbsp;Projet Montr\u00e9al de l&rsquo;arrondissement Plateau-Mont-Royal<\/a><\/li>\n\n\n\n<li><a href=\"https:\/\/bieresilo.com\/\">SILO<\/a><\/li>\n<\/ul>\n<\/div>\n\n\n\n<div class=\"wp-block-column is-layout-flow wp-block-column-is-layout-flow\">\n<figure class=\"wp-block-image size-large\"><img loading=\"lazy\" decoding=\"async\" width=\"1024\" height=\"682\" src=\"https:\/\/voixferrees.qc.ca\/dev_externe_2022_1\/wp-content\/uploads\/2025\/06\/Credit_GRLPHOTOGRAPHIEMTL-115-1024x682.jpg\" alt=\"\" class=\"wp-image-704\" srcset=\"https:\/\/voixferrees.qc.ca\/dev_externe_2022_1\/wp-content\/uploads\/2025\/06\/Credit_GRLPHOTOGRAPHIEMTL-115-1024x682.jpg 1024w, https:\/\/voixferrees.qc.ca\/dev_externe_2022_1\/wp-content\/uploads\/2025\/06\/Credit_GRLPHOTOGRAPHIEMTL-115-300x200.jpg 300w, https:\/\/voixferrees.qc.ca\/dev_externe_2022_1\/wp-content\/uploads\/2025\/06\/Credit_GRLPHOTOGRAPHIEMTL-115-768x512.jpg 768w, https:\/\/voixferrees.qc.ca\/dev_externe_2022_1\/wp-content\/uploads\/2025\/06\/Credit_GRLPHOTOGRAPHIEMTL-115-1536x1024.jpg 1536w, https:\/\/voixferrees.qc.ca\/dev_externe_2022_1\/wp-content\/uploads\/2025\/06\/Credit_GRLPHOTOGRAPHIEMTL-115.jpg 2000w\" sizes=\"auto, (max-width: 767px) 89vw, (max-width: 1000px) 54vw, (max-width: 1071px) 543px, 580px\" \/><figcaption class=\"wp-element-caption\">photo: GRL Photographie<\/figcaption><\/figure>\n<\/div>\n<\/div>\n\n\n\n<h2 class=\"wp-block-heading\"><strong>L\u2019ensemble vocal montr\u00e9alais <em>Les Voix Ferr\u00e9es<\/em> sollicite votre soutien et vous offre en \u00e9change une visibilit\u00e9 de qualit\u00e9.<\/strong><\/h2>\n\n\n\n<h3 class=\"wp-block-heading\"><strong>Une chorale de haut niveau<\/strong><\/h3>\n\n\n\n<p>Form\u00e9 d\u2019une cinquantaine de voix mixtes, le groupe s\u2019est taill\u00e9 une place enviable au sein de la communaut\u00e9 chorale du Qu\u00e9bec. Tout en facilitant l\u2019accessibilit\u00e9 \u00e0 tous et toutes, peu importe sa formation musicale, l\u2019ensemble atteint un <strong>niveau de qualit\u00e9 reconnu par son public fid\u00e8le<\/strong> ainsi que par des collaborateurs reconnus de l\u2019industrie musicale tel que <strong>Patrick Watson,&nbsp;\u00c9mile Bilodeau, Karen Young, les S\u0153urs Boulay<\/strong> et le regrett\u00e9 <strong>Karim Ouellet<\/strong>. L\u2019ensemble a eu l\u2019honneur d\u2019\u00eatre invit\u00e9 \u00e0 chanter sur le site du <strong>Festival en Chanson de Petite-Vall\u00e9e<\/strong>. Il a aussi particip\u00e9 au tournage du film <em><strong>Paul \u00e0 Qu\u00e9bec<\/strong><\/em>, \u00e0 la bande sonore de films et \u00e0 divers vid\u00e9oclips.<\/p>\n\n\n\n<figure class=\"wp-block-image size-large\"><img loading=\"lazy\" decoding=\"async\" width=\"1024\" height=\"576\" src=\"https:\/\/voixferrees.qc.ca\/dev_externe_2022_1\/wp-content\/uploads\/2025\/12\/Photo-de-groupe-2025-16x9-3840x2160cAmelie-Frederick-1024x576.jpg\" alt=\"\" class=\"wp-image-744\" srcset=\"https:\/\/voixferrees.qc.ca\/dev_externe_2022_1\/wp-content\/uploads\/2025\/12\/Photo-de-groupe-2025-16x9-3840x2160cAmelie-Frederick-1024x576.jpg 1024w, https:\/\/voixferrees.qc.ca\/dev_externe_2022_1\/wp-content\/uploads\/2025\/12\/Photo-de-groupe-2025-16x9-3840x2160cAmelie-Frederick-300x169.jpg 300w, https:\/\/voixferrees.qc.ca\/dev_externe_2022_1\/wp-content\/uploads\/2025\/12\/Photo-de-groupe-2025-16x9-3840x2160cAmelie-Frederick-768x432.jpg 768w, https:\/\/voixferrees.qc.ca\/dev_externe_2022_1\/wp-content\/uploads\/2025\/12\/Photo-de-groupe-2025-16x9-3840x2160cAmelie-Frederick-1536x864.jpg 1536w, https:\/\/voixferrees.qc.ca\/dev_externe_2022_1\/wp-content\/uploads\/2025\/12\/Photo-de-groupe-2025-16x9-3840x2160cAmelie-Frederick-2048x1152.jpg 2048w\" sizes=\"auto, (max-width: 767px) 89vw, (max-width: 1000px) 54vw, (max-width: 1071px) 543px, 580px\" \/><figcaption class=\"wp-element-caption\"><em>photo: Am\u00e9lie Fr\u00e9d\u00e9rick<\/em><\/figcaption><\/figure>\n\n\n\n<div class=\"wp-block-columns is-layout-flex wp-container-core-columns-is-layout-9d6595d7 wp-block-columns-is-layout-flex\">\n<div class=\"wp-block-column is-layout-flow wp-block-column-is-layout-flow\" style=\"flex-basis:66.66%\">\n<h3 class=\"wp-block-heading\"><strong>Unissez votre marque \u00e0 nos activit\u00e9s<\/strong><\/h3>\n\n\n\n<p><em>Les Voix Ferr\u00e9es<\/em> vous offrent de nombreuses occasions de montrer votre soutien et donner de la visibilit\u00e9 \u00e0 votre marque. Le groupe produit entre trois et cinq concerts par ann\u00e9e, attirant au total <strong>plus de 2&nbsp;000 spectateurs<\/strong>. Ses m\u00e9dias sociaux et son infolettre rejoignent <strong>pr\u00e8s de 5 000 abonn\u00e9s<\/strong>. Ses vid\u00e9os ont \u00e9t\u00e9 vues pr\u00e8s d\u2019un million de fois. La vid\u00e9o <em>Time<\/em> d\u2019apr\u00e8s la pi\u00e8ce de Pink Floyd \u00e0 elle seule a \u00e9t\u00e9 vue plus de 250&nbsp;000 fois. L\u2019ensemble est aussi pr\u00e9sent sur la toile avec un site web de qualit\u00e9 ainsi que sur toutes les plateformes musicales.<\/p>\n<\/div>\n\n\n\n<div class=\"wp-block-column is-layout-flow wp-block-column-is-layout-flow\" style=\"flex-basis:33.33%\">\n<h3 class=\"wp-block-heading\"><strong>Documents<\/strong><\/h3>\n\n\n\n<ul class=\"wp-block-list\">\n<li><a href=\"https:\/\/voixferrees.qc.ca\/documents\/vf-presentation-2024-10.pdf\" target=\"_blank\" rel=\"noreferrer noopener\">Document de pr\u00e9sentation (2024-2025)<\/a><\/li>\n\n\n\n<li><a rel=\"noreferrer noopener\" href=\"https:\/\/voixferrees.qc.ca\/documents\/vf-grille-de-visibilite-2024.pdf\" target=\"_blank\">Grille de visibilit\u00e9 2024-2025<\/a><\/li>\n<\/ul>\n<\/div>\n<\/div>\n\n\n\n<p><strong>Diverses options de commandite<\/strong> et de partenariat sont offertes dans un souci de flexibilit\u00e9 et <strong>pour convenir \u00e0 divers budgets<\/strong> et types d\u2019association. Des commandites peuvent \u00eatre associ\u00e9es \u00e0 un concert en particulier ou \u00e0 un ensemble d\u2019activit\u00e9s tout au long de l\u2019ann\u00e9e. Vous trouverez des exemples de commandites et de partenariats dans le document ci-dessus.<\/p>\n\n\n\n<h3 class=\"wp-block-heading\"><strong>Une chorale engag\u00e9e<\/strong><\/h3>\n\n\n\n<p>Si le groupe de choristes se distingue par la qualit\u00e9 musicale de ses prestations, son ambiance festive et son r\u00e9pertoire \u00e9clectique, il se r\u00e9v\u00e8le unique par son engagement social en s\u2019associant \u00e0 nombreuses causes pour lesquelles le ch\u0153ur donne son appui tant par des prestations que par des concerts b\u00e9n\u00e9fice. Au cours des derni\u00e8res ann\u00e9es, on a notamment pu entendre <em>Les Voix Ferr\u00e9es<\/em> dans des prestations en soutien des sans-abris montr\u00e9alais, aux jeunes de Montr\u00e9al-Nord ou au profit de familles d\u00e9munies.<\/p>\n\n\n<div class=\"wp-block-image\">\n<figure class=\"alignleft size-medium\"><img loading=\"lazy\" decoding=\"async\" width=\"300\" height=\"200\" src=\"https:\/\/voixferrees.qc.ca\/dev_externe_2022_1\/wp-content\/uploads\/2024\/07\/0016b-c-Alain-Lapierre-300x200.jpg\" alt=\"\" class=\"wp-image-630\" srcset=\"https:\/\/voixferrees.qc.ca\/dev_externe_2022_1\/wp-content\/uploads\/2024\/07\/0016b-c-Alain-Lapierre-300x200.jpg 300w, https:\/\/voixferrees.qc.ca\/dev_externe_2022_1\/wp-content\/uploads\/2024\/07\/0016b-c-Alain-Lapierre-1024x683.jpg 1024w, https:\/\/voixferrees.qc.ca\/dev_externe_2022_1\/wp-content\/uploads\/2024\/07\/0016b-c-Alain-Lapierre-768x512.jpg 768w, https:\/\/voixferrees.qc.ca\/dev_externe_2022_1\/wp-content\/uploads\/2024\/07\/0016b-c-Alain-Lapierre-1536x1024.jpg 1536w, https:\/\/voixferrees.qc.ca\/dev_externe_2022_1\/wp-content\/uploads\/2024\/07\/0016b-c-Alain-Lapierre.jpg 1620w\" sizes=\"auto, (max-width: 300px) 100vw, 300px\" \/><figcaption class=\"wp-element-caption\">photo: Alain Lapierre<\/figcaption><\/figure>\n<\/div>\n\n\n<p>Le groupe constitue aussi un r\u00e9seau de solidarit\u00e9. Ses membres sont mobilis\u00e9s pour soutenir ceux des leurs ou leurs proches qui ont besoin d\u2019aide. Au plus fort de la pand\u00e9mie, des membres sont all\u00e9s livrer des paniers d\u2019\u00e9picerie \u00e0 des citoyens confin\u00e9s. D\u2019autres sont all\u00e9s donner des mini concerts dans des foyers de personnes \u00e2g\u00e9es. L\u2019ensemble a aussi produit une vid\u00e9o de la chanson <em>Le c\u0153ur est un oiseau<\/em> de Richard Desjardins avec 300 choristes qu\u00e9b\u00e9cois film\u00e9s dans leur isolement mais regroup\u00e9s avec \u00e9motion dans cette vid\u00e9o vue 150 000 fois. Bref, <em>Les Voix Ferr\u00e9es<\/em> ont \u00e0 c\u0153ur (et \u00e0 ch\u0153ur) de jouer un r\u00f4le positif dans l\u2019\u00e9cosyst\u00e8me social et musical.<\/p>\n\n\n\n<p><strong>Pour en savoir plus<\/strong>&#8230;<\/p>\n\n\n\n<p>Envoyez-nous un courriel et un de nos choristes se fera un plaisir de r\u00e9pondre \u00e0 vos questions.<\/p>\n\n\n\n<p>Courriel: <a href=\"mailto:info@voixferrees.qc.ca?subject=Commandites\">info@voixferrees.qc.ca<\/a><\/p>\n","protected":false},"excerpt":{"rendered":"<p>Merci \u00e0 nos commanditaires de la saison 2025-2026 ! Commanditaires annuels Commanditaires d&rsquo;\u00e9v\u00e9nements L\u2019ensemble vocal montr\u00e9alais Les Voix Ferr\u00e9es sollicite votre soutien et vous offre en \u00e9change une visibilit\u00e9 de qualit\u00e9. Une chorale de haut niveau Form\u00e9 d\u2019une cinquantaine de voix mixtes, le groupe s\u2019est taill\u00e9 une place enviable au sein de la communaut\u00e9 chorale &hellip; <\/p>\n<p class=\"link-more\"><a href=\"https:\/\/voixferrees.qc.ca\/dev_externe_2022_1\/commanditaires\/\" class=\"more-link\">Continuer la lecture<span class=\"screen-reader-text\"> de &laquo; Commanditaires &raquo;<\/span><\/a><\/p>\n","protected":false},"author":3,"featured_media":0,"parent":0,"menu_order":0,"comment_status":"closed","ping_status":"closed","template":"","meta":{"footnotes":""},"class_list":["post-637","page","type-page","status-publish","hentry"],"jetpack_sharing_enabled":true,"_links":{"self":[{"href":"https:\/\/voixferrees.qc.ca\/dev_externe_2022_1\/wp-json\/wp\/v2\/pages\/637","targetHints":{"allow":["GET"]}}],"collection":[{"href":"https:\/\/voixferrees.qc.ca\/dev_externe_2022_1\/wp-json\/wp\/v2\/pages"}],"about":[{"href":"https:\/\/voixferrees.qc.ca\/dev_externe_2022_1\/wp-json\/wp\/v2\/types\/page"}],"author":[{"embeddable":true,"href":"https:\/\/voixferrees.qc.ca\/dev_externe_2022_1\/wp-json\/wp\/v2\/users\/3"}],"replies":[{"embeddable":true,"href":"https:\/\/voixferrees.qc.ca\/dev_externe_2022_1\/wp-json\/wp\/v2\/comments?post=637"}],"version-history":[{"count":22,"href":"https:\/\/voixferrees.qc.ca\/dev_externe_2022_1\/wp-json\/wp\/v2\/pages\/637\/revisions"}],"predecessor-version":[{"id":864,"href":"https:\/\/voixferrees.qc.ca\/dev_externe_2022_1\/wp-json\/wp\/v2\/pages\/637\/revisions\/864"}],"wp:attachment":[{"href":"https:\/\/voixferrees.qc.ca\/dev_externe_2022_1\/wp-json\/wp\/v2\/media?parent=637"}],"curies":[{"name":"wp","href":"https:\/\/api.w.org\/{rel}","templated":true}]}}